{"id":539,"date":"2025-02-26T09:36:46","date_gmt":"2025-02-26T08:36:46","guid":{"rendered":"https:\/\/aelle-arts.fr\/?page_id=539"},"modified":"2026-04-16T12:27:31","modified_gmt":"2026-04-16T10:27:31","slug":"les-arbres","status":"publish","type":"page","link":"https:\/\/aelle-arts.fr\/index.php\/dessins\/les-arbres\/","title":{"rendered":"Les Arbres"},"content":{"rendered":"\n<p><em>Je suis fascin\u00e9e par les arbres, de leurs frondaisons se balan\u00e7ant au vent en passant par leurs bourgeons et feuilles, leurs troncs aux motifs incroyables jusqu&rsquo;\u00e0 leurs radicelles&#8230; Et la communication qu&rsquo;elles permettent avec les mondes des profondeurs. Hommages \u00e0 ces g\u00e9ants pas si immobiles qu&rsquo;on pourrait le croire !<\/em><\/p>\n\n\n\n<p class=\"has-small-font-size\">Ces dessins sont pr\u00e9sent\u00e9s encadr\u00e9s mais sont vendus sans cadre. Si vous souhaitez un encadrement \u00e0 l&rsquo;identique de celui pr\u00e9sent\u00e9, contactez-moi par mail pour conna\u00eetre les modalit\u00e9s (tarif + d\u00e9lai de mise \u00e0 disposition).<br>Cliquez sur \u00ab\u00a0je l&rsquo;adopte\u00a0\u00bb pour avoir les d\u00e9tails de l\u2019\u0153uvre (dimensions et technique).<\/p>\n\n\n\n<div style=\"height:10px\" aria-hidden=\"true\" class=\"wp-block-spacer\"><\/div>\n\n\n\n<div class=\"wp-block-media-text is-stacked-on-mobile\"><figure class=\"wp-block-media-text__media\"><img data-recalc-dims=\"1\" loading=\"lazy\" decoding=\"async\" width=\"1920\" height=\"2560\" data-attachment-id=\"541\" data-permalink=\"https:\/\/aelle-arts.fr\/index.php\/dessins\/les-arbres\/arbracoeur\/\" data-orig-file=\"https:\/\/i0.wp.com\/aelle-arts.fr\/wp-content\/uploads\/2025\/02\/Arbracoeur-scaled.jpg?fit=1920%2C2560&amp;ssl=1\" data-orig-size=\"1920,2560\" data-comments-opened=\"0\" data-image-meta=\"{&quot;aperture&quot;:&quot;2.2&quot;,&quot;credit&quot;:&quot;&quot;,&quot;camera&quot;:&quot;iPhone 12 Pro Max&quot;,&quot;caption&quot;:&quot;&quot;,&quot;created_timestamp&quot;:&quot;1730817998&quot;,&quot;copyright&quot;:&quot;&quot;,&quot;focal_length&quot;:&quot;7.5&quot;,&quot;iso&quot;:&quot;1250&quot;,&quot;shutter_speed&quot;:&quot;0.033333333333333&quot;,&quot;title&quot;:&quot;&quot;,&quot;orientation&quot;:&quot;1&quot;}\" data-image-title=\"Arbre 01 : Arbracoeur\" data-image-description=\"&lt;p&gt;Dessin na\u00eff en ligne claire en noir et blanc de petit format, repr\u00e9sentant un arbre souriant avec de grandes racines et des feuilles en forme de c\u0153urs&lt;\/p&gt;\n\" data-image-caption=\"\" data-large-file=\"https:\/\/i0.wp.com\/aelle-arts.fr\/wp-content\/uploads\/2025\/02\/Arbracoeur-scaled.jpg?fit=768%2C1024&amp;ssl=1\" src=\"https:\/\/i0.wp.com\/aelle-arts.fr\/wp-content\/uploads\/2025\/02\/Arbracoeur-scaled.jpg?resize=1920%2C2560&#038;ssl=1\" alt=\"\" class=\"wp-image-541 size-full\" srcset=\"https:\/\/i0.wp.com\/aelle-arts.fr\/wp-content\/uploads\/2025\/02\/Arbracoeur-scaled.jpg?w=1920&amp;ssl=1 1920w, https:\/\/i0.wp.com\/aelle-arts.fr\/wp-content\/uploads\/2025\/02\/Arbracoeur-scaled.jpg?resize=225%2C300&amp;ssl=1 225w\" sizes=\"auto, (max-width: 1000px) 100vw, 1000px\" \/><\/figure><div class=\"wp-block-media-text__content\">\n<h3 class=\"wp-block-heading\">L&rsquo;Arbracoeur<\/h3>\n\n\n\n<p>Tel un arbre de Vie, il est apparu entre malice et sagesse, heureux d&rsquo;\u00eatre. Tout simplement.<\/p>\n\n\n\n<div class=\"wp-block-buttons is-content-justification-center is-layout-flex wp-container-core-buttons-is-layout-a89b3969 wp-block-buttons-is-layout-flex\">\n<div class=\"wp-block-button is-style-outline is-style-outline--1\"><a class=\"wp-block-button__link wp-element-button\" href=\"https:\/\/aelle-arts.sumupstore.com\/article\/l-arbracoeur\">Je l&rsquo;adopte<\/a><\/div>\n<\/div>\n<\/div><\/div>\n\n\n\n<div style=\"height:10px\" aria-hidden=\"true\" class=\"wp-block-spacer\"><\/div>\n\n\n\n<hr class=\"wp-block-separator has-alpha-channel-opacity\"\/>\n\n\n\n<div style=\"height:10px\" aria-hidden=\"true\" class=\"wp-block-spacer\"><\/div>\n\n\n\n<div class=\"wp-block-media-text is-stacked-on-mobile\"><figure class=\"wp-block-media-text__media\"><img data-recalc-dims=\"1\" loading=\"lazy\" decoding=\"async\" width=\"768\" height=\"1024\" data-attachment-id=\"542\" data-permalink=\"https:\/\/aelle-arts.fr\/index.php\/dessins\/les-arbres\/arbre-algue\/\" data-orig-file=\"https:\/\/i0.wp.com\/aelle-arts.fr\/wp-content\/uploads\/2025\/02\/Arbre-algue-scaled.jpg?fit=1920%2C2560&amp;ssl=1\" data-orig-size=\"1920,2560\" data-comments-opened=\"0\" data-image-meta=\"{&quot;aperture&quot;:&quot;2.2&quot;,&quot;credit&quot;:&quot;&quot;,&quot;camera&quot;:&quot;iPhone 12 Pro Max&quot;,&quot;caption&quot;:&quot;&quot;,&quot;created_timestamp&quot;:&quot;1730817000&quot;,&quot;copyright&quot;:&quot;&quot;,&quot;focal_length&quot;:&quot;7.5&quot;,&quot;iso&quot;:&quot;1600&quot;,&quot;shutter_speed&quot;:&quot;0.033333333333333&quot;,&quot;title&quot;:&quot;&quot;,&quot;orientation&quot;:&quot;1&quot;}\" data-image-title=\"Arbre 02 : Arbre-algue\" data-image-description=\"&lt;p&gt;Dessin pointilliste en noir et blanc de petit format, esquissant une forme \u00e0 la crois\u00e9e entre l&amp;rsquo;arbre et l&amp;rsquo;algue&lt;\/p&gt;\n\" data-image-caption=\"\" data-large-file=\"https:\/\/i0.wp.com\/aelle-arts.fr\/wp-content\/uploads\/2025\/02\/Arbre-algue-scaled.jpg?fit=768%2C1024&amp;ssl=1\" src=\"https:\/\/i0.wp.com\/aelle-arts.fr\/wp-content\/uploads\/2025\/02\/Arbre-algue.jpg?resize=768%2C1024&#038;ssl=1\" alt=\"\" class=\"wp-image-542 size-full\" srcset=\"https:\/\/i0.wp.com\/aelle-arts.fr\/wp-content\/uploads\/2025\/02\/Arbre-algue-scaled.jpg?resize=768%2C1024&amp;ssl=1 768w, https:\/\/i0.wp.com\/aelle-arts.fr\/wp-content\/uploads\/2025\/02\/Arbre-algue-scaled.jpg?resize=225%2C300&amp;ssl=1 225w, https:\/\/i0.wp.com\/aelle-arts.fr\/wp-content\/uploads\/2025\/02\/Arbre-algue-scaled.jpg?resize=1152%2C1536&amp;ssl=1 1152w, https:\/\/i0.wp.com\/aelle-arts.fr\/wp-content\/uploads\/2025\/02\/Arbre-algue-scaled.jpg?resize=1536%2C2048&amp;ssl=1 1536w, https:\/\/i0.wp.com\/aelle-arts.fr\/wp-content\/uploads\/2025\/02\/Arbre-algue-scaled.jpg?w=1920&amp;ssl=1 1920w\" sizes=\"auto, (max-width: 768px) 100vw, 768px\" \/><\/figure><div class=\"wp-block-media-text__content\">\n<h3 class=\"wp-block-heading\">L&rsquo;arbralgue<\/h3>\n\n\n\n<p>Il ne savait que choisir\u2026 Alors de l&rsquo;ind\u00e9cision est n\u00e9e un hybride. Parce que c&rsquo;est ainsi que proc\u00e8de la Vie : elle essaye, elle teste, elle mute et ainsi s\u00e9lectionne ce qui vraiment peut s&rsquo;adapter.<br>A moins qu&rsquo;il ne s&rsquo;agisse d&rsquo;une simple r\u00eaverie captur\u00e9e par m\u00e9garde, allez savoir\u2026 Alors est-ce l&rsquo;arbre ou l&rsquo;algue qui r\u00eave de l&rsquo;autre ? Il se peut bien que cela reste un complet myst\u00e8re.<\/p>\n\n\n\n<div class=\"wp-block-buttons is-content-justification-center is-layout-flex wp-container-core-buttons-is-layout-a89b3969 wp-block-buttons-is-layout-flex\">\n<div class=\"wp-block-button is-style-outline is-style-outline--2\"><a class=\"wp-block-button__link wp-element-button\" href=\"https:\/\/aelle-arts.sumupstore.com\/article\/l-arbralgue\">Je l&rsquo;adopte<\/a><\/div>\n<\/div>\n<\/div><\/div>\n\n\n\n<div style=\"height:10px\" aria-hidden=\"true\" class=\"wp-block-spacer\"><\/div>\n\n\n\n<hr class=\"wp-block-separator has-alpha-channel-opacity\"\/>\n\n\n\n<div style=\"height:10px\" aria-hidden=\"true\" class=\"wp-block-spacer\"><\/div>\n\n\n\n<div class=\"wp-block-media-text is-stacked-on-mobile\"><figure class=\"wp-block-media-text__media\"><img data-recalc-dims=\"1\" loading=\"lazy\" decoding=\"async\" width=\"768\" height=\"1024\" data-attachment-id=\"544\" data-permalink=\"https:\/\/aelle-arts.fr\/index.php\/dessins\/les-arbres\/arbre-yinyang\/\" data-orig-file=\"https:\/\/i0.wp.com\/aelle-arts.fr\/wp-content\/uploads\/2025\/02\/Arbre-yinyang-scaled.jpg?fit=1920%2C2560&amp;ssl=1\" data-orig-size=\"1920,2560\" data-comments-opened=\"0\" data-image-meta=\"{&quot;aperture&quot;:&quot;2.2&quot;,&quot;credit&quot;:&quot;&quot;,&quot;camera&quot;:&quot;iPhone 12 Pro Max&quot;,&quot;caption&quot;:&quot;&quot;,&quot;created_timestamp&quot;:&quot;1730817440&quot;,&quot;copyright&quot;:&quot;&quot;,&quot;focal_length&quot;:&quot;7.5&quot;,&quot;iso&quot;:&quot;1250&quot;,&quot;shutter_speed&quot;:&quot;0.033333333333333&quot;,&quot;title&quot;:&quot;&quot;,&quot;orientation&quot;:&quot;1&quot;}\" data-image-title=\"Arbre 03 : Arbre Yin Yang\" data-image-description=\"&lt;p&gt;Dessin na\u00eff pointilliste en noir et blanc de petit format, repr\u00e9sentant un arbre avec ses racines, dont la moiti\u00e9 du feuillage est claire et l&amp;rsquo;autre moiti\u00e9 fonc\u00e9e&lt;\/p&gt;\n\" data-image-caption=\"\" data-large-file=\"https:\/\/i0.wp.com\/aelle-arts.fr\/wp-content\/uploads\/2025\/02\/Arbre-yinyang-scaled.jpg?fit=768%2C1024&amp;ssl=1\" src=\"https:\/\/i0.wp.com\/aelle-arts.fr\/wp-content\/uploads\/2025\/02\/Arbre-yinyang.jpg?resize=768%2C1024&#038;ssl=1\" alt=\"\" class=\"wp-image-544 size-full\" srcset=\"https:\/\/i0.wp.com\/aelle-arts.fr\/wp-content\/uploads\/2025\/02\/Arbre-yinyang-scaled.jpg?resize=768%2C1024&amp;ssl=1 768w, https:\/\/i0.wp.com\/aelle-arts.fr\/wp-content\/uploads\/2025\/02\/Arbre-yinyang-scaled.jpg?resize=225%2C300&amp;ssl=1 225w, https:\/\/i0.wp.com\/aelle-arts.fr\/wp-content\/uploads\/2025\/02\/Arbre-yinyang-scaled.jpg?resize=1152%2C1536&amp;ssl=1 1152w, https:\/\/i0.wp.com\/aelle-arts.fr\/wp-content\/uploads\/2025\/02\/Arbre-yinyang-scaled.jpg?resize=1536%2C2048&amp;ssl=1 1536w, https:\/\/i0.wp.com\/aelle-arts.fr\/wp-content\/uploads\/2025\/02\/Arbre-yinyang-scaled.jpg?w=1920&amp;ssl=1 1920w\" sizes=\"auto, (max-width: 768px) 100vw, 768px\" \/><\/figure><div class=\"wp-block-media-text__content\">\n<h3 class=\"wp-block-heading\">L&rsquo;arbre Yin Yang<\/h3>\n\n\n\n<p>Il avait comme un doute\u2026 Etait-ce d\u00e9j\u00e0 temps de laisser tomber ses feuilles ? A d\u00e9faut de r\u00e9ponse claire, il avait choisi de marcher la voie du Tao, celle de l&rsquo;\u00e9quilibre. Alors il en avait gard\u00e9 la moiti\u00e9 et laissait l&rsquo;autre s&rsquo;envoler aux quatre vents.<br>En son for int\u00e9rieur, cet arbre devait \u00eatre un po\u00e8te doubl\u00e9 d&rsquo;un esth\u00e8te.<\/p>\n\n\n\n<div class=\"wp-block-buttons is-content-justification-center is-layout-flex wp-container-core-buttons-is-layout-a89b3969 wp-block-buttons-is-layout-flex\">\n<div class=\"wp-block-button is-style-outline is-style-outline--3\"><a class=\"wp-block-button__link wp-element-button\" href=\"https:\/\/aelle-arts.sumupstore.com\/article\/l-arbre-yin-yang\">Je l&rsquo;adopte<\/a><\/div>\n<\/div>\n<\/div><\/div>\n\n\n\n<div style=\"height:10px\" aria-hidden=\"true\" class=\"wp-block-spacer\"><\/div>\n\n\n\n<hr class=\"wp-block-separator has-alpha-channel-opacity\"\/>\n\n\n\n<div style=\"height:10px\" aria-hidden=\"true\" class=\"wp-block-spacer\"><\/div>\n\n\n\n<div class=\"wp-block-media-text is-stacked-on-mobile\"><figure class=\"wp-block-media-text__media\"><img data-recalc-dims=\"1\" loading=\"lazy\" decoding=\"async\" width=\"768\" height=\"1024\" data-attachment-id=\"546\" data-permalink=\"https:\/\/aelle-arts.fr\/index.php\/dessins\/les-arbres\/cactarbre\/\" data-orig-file=\"https:\/\/i0.wp.com\/aelle-arts.fr\/wp-content\/uploads\/2025\/02\/Cactarbre-scaled.jpg?fit=1920%2C2560&amp;ssl=1\" data-orig-size=\"1920,2560\" data-comments-opened=\"0\" data-image-meta=\"{&quot;aperture&quot;:&quot;2.2&quot;,&quot;credit&quot;:&quot;&quot;,&quot;camera&quot;:&quot;iPhone 12 Pro Max&quot;,&quot;caption&quot;:&quot;&quot;,&quot;created_timestamp&quot;:&quot;1730818068&quot;,&quot;copyright&quot;:&quot;&quot;,&quot;focal_length&quot;:&quot;7.5&quot;,&quot;iso&quot;:&quot;1600&quot;,&quot;shutter_speed&quot;:&quot;0.033333333333333&quot;,&quot;title&quot;:&quot;&quot;,&quot;orientation&quot;:&quot;1&quot;}\" data-image-title=\"Arbre 05 : Cactarbre\" data-image-description=\"&lt;p&gt;Dessin na\u00eff pointilliste en noir et blanc de petit format, figurant une ramure avec des branches portant des feuilles \u00e9voquant celles des cact\u00e9es&lt;\/p&gt;\n\" data-image-caption=\"\" data-large-file=\"https:\/\/i0.wp.com\/aelle-arts.fr\/wp-content\/uploads\/2025\/02\/Cactarbre-scaled.jpg?fit=768%2C1024&amp;ssl=1\" src=\"https:\/\/i0.wp.com\/aelle-arts.fr\/wp-content\/uploads\/2025\/02\/Cactarbre.jpg?resize=768%2C1024&#038;ssl=1\" alt=\"\" class=\"wp-image-546 size-full\" srcset=\"https:\/\/i0.wp.com\/aelle-arts.fr\/wp-content\/uploads\/2025\/02\/Cactarbre-scaled.jpg?resize=768%2C1024&amp;ssl=1 768w, https:\/\/i0.wp.com\/aelle-arts.fr\/wp-content\/uploads\/2025\/02\/Cactarbre-scaled.jpg?resize=225%2C300&amp;ssl=1 225w, https:\/\/i0.wp.com\/aelle-arts.fr\/wp-content\/uploads\/2025\/02\/Cactarbre-scaled.jpg?resize=1152%2C1536&amp;ssl=1 1152w, https:\/\/i0.wp.com\/aelle-arts.fr\/wp-content\/uploads\/2025\/02\/Cactarbre-scaled.jpg?resize=1536%2C2048&amp;ssl=1 1536w, https:\/\/i0.wp.com\/aelle-arts.fr\/wp-content\/uploads\/2025\/02\/Cactarbre-scaled.jpg?w=1920&amp;ssl=1 1920w\" sizes=\"auto, (max-width: 768px) 100vw, 768px\" \/><\/figure><div class=\"wp-block-media-text__content\">\n<h3 class=\"wp-block-heading\">Cactabre<\/h3>\n\n\n\n<p>Chim\u00e8re en vue ! Arbre ou cactus, avec des ramifications improbables, elle-m\u00eame ne savait plus trop\u2026 Il faut dire qu&rsquo;elle cherchait ses pairs depuis des ann\u00e9es, mais sans succ\u00e8s. Elle agitait ses belles branches, gardant espoir qu&rsquo;un jour un vent viendrait les caresser pour lui d\u00e9poser le pollen d&rsquo;un autre, caresse ultime qui romprait sa longue solitude. Nul chagrin ou tristesse ne l&rsquo;habitait : juste l&rsquo;espoir qui la faisait se r\u00e9jouir d&rsquo;une telle probabilit\u00e9.<\/p>\n\n\n\n<div class=\"wp-block-buttons is-content-justification-center is-layout-flex wp-container-core-buttons-is-layout-a89b3969 wp-block-buttons-is-layout-flex\">\n<div class=\"wp-block-button is-style-outline is-style-outline--4\"><a class=\"wp-block-button__link wp-element-button\" href=\"https:\/\/aelle-arts.sumupstore.com\/article\/cactarbre\">Je l&rsquo;adopte<\/a><\/div>\n<\/div>\n<\/div><\/div>\n\n\n\n<div style=\"height:10px\" aria-hidden=\"true\" class=\"wp-block-spacer\"><\/div>\n\n\n\n<hr class=\"wp-block-separator has-alpha-channel-opacity\"\/>\n\n\n\n<div style=\"height:10px\" aria-hidden=\"true\" class=\"wp-block-spacer\"><\/div>\n\n\n\n<div class=\"wp-block-media-text is-stacked-on-mobile\"><figure class=\"wp-block-media-text__media\"><img data-recalc-dims=\"1\" loading=\"lazy\" decoding=\"async\" width=\"768\" height=\"1024\" data-attachment-id=\"545\" data-permalink=\"https:\/\/aelle-arts.fr\/index.php\/dessins\/les-arbres\/arbre-yinyang2\/\" data-orig-file=\"https:\/\/i0.wp.com\/aelle-arts.fr\/wp-content\/uploads\/2025\/02\/Arbre-yinyang2-scaled.jpg?fit=1920%2C2560&amp;ssl=1\" data-orig-size=\"1920,2560\" data-comments-opened=\"0\" data-image-meta=\"{&quot;aperture&quot;:&quot;2.2&quot;,&quot;credit&quot;:&quot;&quot;,&quot;camera&quot;:&quot;iPhone 12 Pro Max&quot;,&quot;caption&quot;:&quot;&quot;,&quot;created_timestamp&quot;:&quot;1730817886&quot;,&quot;copyright&quot;:&quot;&quot;,&quot;focal_length&quot;:&quot;7.5&quot;,&quot;iso&quot;:&quot;1600&quot;,&quot;shutter_speed&quot;:&quot;0.033333333333333&quot;,&quot;title&quot;:&quot;&quot;,&quot;orientation&quot;:&quot;1&quot;}\" data-image-title=\"Arbre 04 : Intrication\" data-image-description=\"&lt;p&gt;Dessin na\u00eff pointilliste en noir et blanc de petit format, repr\u00e9sentant un arbre et ses racines, avec des jeux d&amp;rsquo;ombres rappelant la figure du yin yang&lt;\/p&gt;\n\" data-image-caption=\"\" data-large-file=\"https:\/\/i0.wp.com\/aelle-arts.fr\/wp-content\/uploads\/2025\/02\/Arbre-yinyang2-scaled.jpg?fit=768%2C1024&amp;ssl=1\" src=\"https:\/\/i0.wp.com\/aelle-arts.fr\/wp-content\/uploads\/2025\/02\/Arbre-yinyang2.jpg?resize=768%2C1024&#038;ssl=1\" alt=\"\" class=\"wp-image-545 size-full\" srcset=\"https:\/\/i0.wp.com\/aelle-arts.fr\/wp-content\/uploads\/2025\/02\/Arbre-yinyang2-scaled.jpg?resize=768%2C1024&amp;ssl=1 768w, https:\/\/i0.wp.com\/aelle-arts.fr\/wp-content\/uploads\/2025\/02\/Arbre-yinyang2-scaled.jpg?resize=225%2C300&amp;ssl=1 225w, https:\/\/i0.wp.com\/aelle-arts.fr\/wp-content\/uploads\/2025\/02\/Arbre-yinyang2-scaled.jpg?resize=1152%2C1536&amp;ssl=1 1152w, https:\/\/i0.wp.com\/aelle-arts.fr\/wp-content\/uploads\/2025\/02\/Arbre-yinyang2-scaled.jpg?resize=1536%2C2048&amp;ssl=1 1536w, https:\/\/i0.wp.com\/aelle-arts.fr\/wp-content\/uploads\/2025\/02\/Arbre-yinyang2-scaled.jpg?w=1920&amp;ssl=1 1920w\" sizes=\"auto, (max-width: 768px) 100vw, 768px\" \/><\/figure><div class=\"wp-block-media-text__content\">\n<h3 class=\"wp-block-heading\">Intrications<\/h3>\n\n\n\n<p>Ce pourrait \u00eatre une carte de jeu \u00e0 l&rsquo;ancienne. Cet arbre se joue des \u00e9clairages, il regarde passer les ans tandis que son \u00e9corce offre de nouveaux refuges \u00e0 tout ses habitants. Entre ombre et lumi\u00e8re, il ne saurait \u00eatre saisi. C&rsquo;est son c\u00f4t\u00e9 \u00ab\u00a0pile ou face\u00a0\u00bb, saisissant les regards pour mieux se laisser contempler. Il est lui mais un peu diff\u00e9rent \u00e0 chaque fois. Arbre joueur, arbre plein de myst\u00e8res\u2026 que racontent bien volont\u00e9 ses h\u00f4tes, pour qui accepte de tendre une oreille curieuse !<\/p>\n\n\n\n<div class=\"wp-block-buttons is-content-justification-center is-layout-flex wp-container-core-buttons-is-layout-a89b3969 wp-block-buttons-is-layout-flex\">\n<div class=\"wp-block-button is-style-outline is-style-outline--5\"><a class=\"wp-block-button__link wp-element-button\" href=\"https:\/\/aelle-arts.sumupstore.com\/article\/intrications\">Je l&rsquo;adopte<\/a><\/div>\n<\/div>\n<\/div><\/div>\n\n\n\n<div style=\"height:10px\" aria-hidden=\"true\" class=\"wp-block-spacer\"><\/div>\n\n\n\n<hr class=\"wp-block-separator has-alpha-channel-opacity\"\/>\n\n\n\n<div style=\"height:10px\" aria-hidden=\"true\" class=\"wp-block-spacer\"><\/div>\n\n\n\n<div class=\"wp-block-media-text is-stacked-on-mobile\"><figure class=\"wp-block-media-text__media\"><img data-recalc-dims=\"1\" loading=\"lazy\" decoding=\"async\" width=\"768\" height=\"1024\" data-attachment-id=\"547\" data-permalink=\"https:\/\/aelle-arts.fr\/index.php\/dessins\/les-arbres\/feuille\/\" data-orig-file=\"https:\/\/i0.wp.com\/aelle-arts.fr\/wp-content\/uploads\/2025\/02\/Feuille-scaled.jpg?fit=1920%2C2560&amp;ssl=1\" data-orig-size=\"1920,2560\" data-comments-opened=\"0\" data-image-meta=\"{&quot;aperture&quot;:&quot;2.2&quot;,&quot;credit&quot;:&quot;&quot;,&quot;camera&quot;:&quot;iPhone 12 Pro Max&quot;,&quot;caption&quot;:&quot;&quot;,&quot;created_timestamp&quot;:&quot;1730816898&quot;,&quot;copyright&quot;:&quot;&quot;,&quot;focal_length&quot;:&quot;7.5&quot;,&quot;iso&quot;:&quot;1600&quot;,&quot;shutter_speed&quot;:&quot;0.033333333333333&quot;,&quot;title&quot;:&quot;&quot;,&quot;orientation&quot;:&quot;1&quot;}\" data-image-title=\"Arbre 06 : Feuille (d\u00e9tail)\" data-image-description=\"&lt;p&gt;Dessin na\u00eff pointilliste en noir et blanc de petit format, repr\u00e9sentant le d\u00e9tail d&amp;rsquo;une feuille vue de pr\u00e8s avec ses nervures&lt;\/p&gt;\n\" data-image-caption=\"\" data-large-file=\"https:\/\/i0.wp.com\/aelle-arts.fr\/wp-content\/uploads\/2025\/02\/Feuille-scaled.jpg?fit=768%2C1024&amp;ssl=1\" src=\"https:\/\/i0.wp.com\/aelle-arts.fr\/wp-content\/uploads\/2025\/02\/Feuille.jpg?resize=768%2C1024&#038;ssl=1\" alt=\"\" class=\"wp-image-547 size-full\" srcset=\"https:\/\/i0.wp.com\/aelle-arts.fr\/wp-content\/uploads\/2025\/02\/Feuille-scaled.jpg?resize=768%2C1024&amp;ssl=1 768w, https:\/\/i0.wp.com\/aelle-arts.fr\/wp-content\/uploads\/2025\/02\/Feuille-scaled.jpg?resize=225%2C300&amp;ssl=1 225w, https:\/\/i0.wp.com\/aelle-arts.fr\/wp-content\/uploads\/2025\/02\/Feuille-scaled.jpg?resize=1152%2C1536&amp;ssl=1 1152w, https:\/\/i0.wp.com\/aelle-arts.fr\/wp-content\/uploads\/2025\/02\/Feuille-scaled.jpg?resize=1536%2C2048&amp;ssl=1 1536w, https:\/\/i0.wp.com\/aelle-arts.fr\/wp-content\/uploads\/2025\/02\/Feuille-scaled.jpg?w=1920&amp;ssl=1 1920w\" sizes=\"auto, (max-width: 768px) 100vw, 768px\" \/><\/figure><div class=\"wp-block-media-text__content\">\n<h3 class=\"wp-block-heading\">Feuille : d\u00e9tail<\/h3>\n\n\n\n<p>A l&rsquo;aube, ou au cr\u00e9puscule peut-\u00eatre\u2026 Ainsi saisie, dans ces tendres moments o\u00f9 les clairs-obscurs r\u00e9v\u00e8lent d&rsquo;autres mondes parfois. Elle flotte, ou s&rsquo;est d\u00e9pos\u00e9e, cela d\u00e9pend de son humeur.<br>L\u00e0-haut dans les C\u00e9vennes, elle a bien voulu prendre la pose lors d&rsquo;un passage estival, sous r\u00e9serve de rester ensuite sur ses terres natales. Ainsi en a-t-il \u00e9t\u00e9 et cette douce compagne s&rsquo;est depuis transform\u00e9e.. Son souvenir lui, est intact.<\/p>\n\n\n\n<div class=\"wp-block-buttons is-content-justification-center is-layout-flex wp-container-core-buttons-is-layout-a89b3969 wp-block-buttons-is-layout-flex\">\n<div class=\"wp-block-button is-style-outline is-style-outline--6\"><a class=\"wp-block-button__link wp-element-button\" href=\"https:\/\/aelle-arts.sumupstore.com\/article\/feuille-detail\">Je l&rsquo;adopte<\/a><\/div>\n<\/div>\n<\/div><\/div>\n\n\n\n<div style=\"height:10px\" aria-hidden=\"true\" class=\"wp-block-spacer\"><\/div>\n\n\n\n<hr class=\"wp-block-separator has-alpha-channel-opacity\"\/>\n\n\n\n<div style=\"height:10px\" aria-hidden=\"true\" class=\"wp-block-spacer\"><\/div>\n\n\n\n<div class=\"wp-block-media-text is-stacked-on-mobile\"><figure class=\"wp-block-media-text__media\"><img data-recalc-dims=\"1\" loading=\"lazy\" decoding=\"async\" width=\"768\" height=\"1024\" data-attachment-id=\"548\" data-permalink=\"https:\/\/aelle-arts.fr\/index.php\/dessins\/les-arbres\/lepatriarche\/\" data-orig-file=\"https:\/\/i0.wp.com\/aelle-arts.fr\/wp-content\/uploads\/2025\/02\/LePatriarche-scaled.jpg?fit=1920%2C2560&amp;ssl=1\" data-orig-size=\"1920,2560\" data-comments-opened=\"0\" data-image-meta=\"{&quot;aperture&quot;:&quot;2.2&quot;,&quot;credit&quot;:&quot;&quot;,&quot;camera&quot;:&quot;iPhone 12 Pro Max&quot;,&quot;caption&quot;:&quot;&quot;,&quot;created_timestamp&quot;:&quot;1730818133&quot;,&quot;copyright&quot;:&quot;&quot;,&quot;focal_length&quot;:&quot;7.5&quot;,&quot;iso&quot;:&quot;1600&quot;,&quot;shutter_speed&quot;:&quot;0.033333333333333&quot;,&quot;title&quot;:&quot;&quot;,&quot;orientation&quot;:&quot;1&quot;}\" data-image-title=\"Arbre 07 : Le Patriarche\" data-image-description=\"&lt;p&gt;Dessin na\u00eff pointilliste en noir et blanc de petit format, repr\u00e9sentant une sc\u00e8ne avec un arbre, une fleur et des plantes&lt;\/p&gt;\n\" data-image-caption=\"\" data-large-file=\"https:\/\/i0.wp.com\/aelle-arts.fr\/wp-content\/uploads\/2025\/02\/LePatriarche-scaled.jpg?fit=768%2C1024&amp;ssl=1\" src=\"https:\/\/i0.wp.com\/aelle-arts.fr\/wp-content\/uploads\/2025\/02\/LePatriarche.jpg?resize=768%2C1024&#038;ssl=1\" alt=\"\" class=\"wp-image-548 size-full\" srcset=\"https:\/\/i0.wp.com\/aelle-arts.fr\/wp-content\/uploads\/2025\/02\/LePatriarche-scaled.jpg?resize=768%2C1024&amp;ssl=1 768w, https:\/\/i0.wp.com\/aelle-arts.fr\/wp-content\/uploads\/2025\/02\/LePatriarche-scaled.jpg?resize=225%2C300&amp;ssl=1 225w, https:\/\/i0.wp.com\/aelle-arts.fr\/wp-content\/uploads\/2025\/02\/LePatriarche-scaled.jpg?resize=1152%2C1536&amp;ssl=1 1152w, https:\/\/i0.wp.com\/aelle-arts.fr\/wp-content\/uploads\/2025\/02\/LePatriarche-scaled.jpg?resize=1536%2C2048&amp;ssl=1 1536w, https:\/\/i0.wp.com\/aelle-arts.fr\/wp-content\/uploads\/2025\/02\/LePatriarche-scaled.jpg?w=1920&amp;ssl=1 1920w\" sizes=\"auto, (max-width: 768px) 100vw, 768px\" \/><\/figure><div class=\"wp-block-media-text__content\">\n<h3 class=\"wp-block-heading\">Le Patriarche<\/h3>\n\n\n\n<p>Sous ses larges frondaisons c&rsquo;est tout un monde qui se d\u00e9veloppe. La joie rayonne et se partage abondamment. Confiance, amour et s\u00e9curit\u00e9, ce terreau fertile sur lequel faire pousser tout un \u00e9cosyst\u00e8me. Alors il veille, tranquille, saison apr\u00e8s saison\u2026 et la Vie cro\u00eet !<\/p>\n\n\n\n<div class=\"wp-block-buttons is-content-justification-center is-layout-flex wp-container-core-buttons-is-layout-a89b3969 wp-block-buttons-is-layout-flex\">\n<div class=\"wp-block-button is-style-outline is-style-outline--7\"><a class=\"wp-block-button__link wp-element-button\" href=\"https:\/\/aelle-arts.sumupstore.com\/article\/le-patriarche\">Je l&rsquo;adopte<\/a><\/div>\n<\/div>\n<\/div><\/div>\n\n\n\n<div style=\"height:10px\" aria-hidden=\"true\" class=\"wp-block-spacer\"><\/div>\n\n\n\n<hr class=\"wp-block-separator has-alpha-channel-opacity\"\/>\n\n\n\n<div style=\"height:10px\" aria-hidden=\"true\" class=\"wp-block-spacer\"><\/div>\n\n\n\n<div class=\"wp-block-media-text is-stacked-on-mobile\"><figure class=\"wp-block-media-text__media\"><img data-recalc-dims=\"1\" loading=\"lazy\" decoding=\"async\" width=\"768\" height=\"1024\" data-attachment-id=\"549\" data-permalink=\"https:\/\/aelle-arts.fr\/index.php\/dessins\/les-arbres\/mycelium\/\" data-orig-file=\"https:\/\/i0.wp.com\/aelle-arts.fr\/wp-content\/uploads\/2025\/02\/Mycelium-scaled.jpg?fit=1920%2C2560&amp;ssl=1\" data-orig-size=\"1920,2560\" data-comments-opened=\"0\" data-image-meta=\"{&quot;aperture&quot;:&quot;2.2&quot;,&quot;credit&quot;:&quot;&quot;,&quot;camera&quot;:&quot;iPhone 12 Pro Max&quot;,&quot;caption&quot;:&quot;&quot;,&quot;created_timestamp&quot;:&quot;1730817365&quot;,&quot;copyright&quot;:&quot;&quot;,&quot;focal_length&quot;:&quot;7.5&quot;,&quot;iso&quot;:&quot;1250&quot;,&quot;shutter_speed&quot;:&quot;0.033333333333333&quot;,&quot;title&quot;:&quot;&quot;,&quot;orientation&quot;:&quot;1&quot;}\" data-image-title=\"Arbre 08 : Myc\u00e9lium\" data-image-description=\"&lt;p&gt;Dessin na\u00eff pointilliste en noir et blanc de petit format, repr\u00e9sentant un arbre et ses racines dont partent des lignes de myc\u00e9lium&lt;\/p&gt;\n\" data-image-caption=\"\" data-large-file=\"https:\/\/i0.wp.com\/aelle-arts.fr\/wp-content\/uploads\/2025\/02\/Mycelium-scaled.jpg?fit=768%2C1024&amp;ssl=1\" src=\"https:\/\/i0.wp.com\/aelle-arts.fr\/wp-content\/uploads\/2025\/02\/Mycelium.jpg?resize=768%2C1024&#038;ssl=1\" alt=\"\" class=\"wp-image-549 size-full\" srcset=\"https:\/\/i0.wp.com\/aelle-arts.fr\/wp-content\/uploads\/2025\/02\/Mycelium-scaled.jpg?resize=768%2C1024&amp;ssl=1 768w, https:\/\/i0.wp.com\/aelle-arts.fr\/wp-content\/uploads\/2025\/02\/Mycelium-scaled.jpg?resize=225%2C300&amp;ssl=1 225w, https:\/\/i0.wp.com\/aelle-arts.fr\/wp-content\/uploads\/2025\/02\/Mycelium-scaled.jpg?resize=1152%2C1536&amp;ssl=1 1152w, https:\/\/i0.wp.com\/aelle-arts.fr\/wp-content\/uploads\/2025\/02\/Mycelium-scaled.jpg?resize=1536%2C2048&amp;ssl=1 1536w, https:\/\/i0.wp.com\/aelle-arts.fr\/wp-content\/uploads\/2025\/02\/Mycelium-scaled.jpg?w=1920&amp;ssl=1 1920w\" sizes=\"auto, (max-width: 768px) 100vw, 768px\" \/><\/figure><div class=\"wp-block-media-text__content\">\n<h3 class=\"wp-block-heading\">Myc\u00e9lium<\/h3>\n\n\n\n<p>Parce que tout est reli\u00e9, nous dit-il. Sans le myc\u00e9lium et la magnifique symbiose qui existe entre nous, point de for\u00eat. <br>En quelques points esquisser ce miracle d&rsquo;intelligence\u2026<\/p>\n\n\n\n<div class=\"wp-block-buttons is-content-justification-center is-layout-flex wp-container-core-buttons-is-layout-a89b3969 wp-block-buttons-is-layout-flex\">\n<div class=\"wp-block-button is-style-outline is-style-outline--8\"><a class=\"wp-block-button__link wp-element-button\" href=\"https:\/\/aelle-arts.sumupstore.com\/article\/mycelium\">Je l&rsquo;adopte<\/a><\/div>\n<\/div>\n<\/div><\/div>\n\n\n\n<div style=\"height:10px\" aria-hidden=\"true\" class=\"wp-block-spacer\"><\/div>\n\n\n\n<hr class=\"wp-block-separator has-alpha-channel-opacity\"\/>\n\n\n\n<div style=\"height:10px\" aria-hidden=\"true\" class=\"wp-block-spacer\"><\/div>\n\n\n\n<div class=\"wp-block-media-text is-stacked-on-mobile\"><figure class=\"wp-block-media-text__media\"><img data-recalc-dims=\"1\" decoding=\"async\" data-attachment-id=\"550\" data-permalink=\"https:\/\/aelle-arts.fr\/index.php\/dessins\/les-arbres\/ramifications\/\" data-orig-file=\"https:\/\/i0.wp.com\/aelle-arts.fr\/wp-content\/uploads\/2025\/02\/Ramifications.jpg?fit=%2C&amp;ssl=1\" data-orig-size=\"\" data-comments-opened=\"0\" data-image-meta=\"[]\" data-image-title=\"Arbre 09 : Ramifications\" data-image-description=\"&lt;p&gt;Dessin na\u00eff pointilliste en noir et blanc de petit format, repr\u00e9sentant un arbre avec sa ramure et ses racines sous forme de chemins se r\u00e9pondant&lt;\/p&gt;\n\" data-image-caption=\"\" data-large-file=\"https:\/\/i0.wp.com\/aelle-arts.fr\/wp-content\/uploads\/2025\/02\/Ramifications.jpg?fit=1024%2C1024&amp;ssl=1\" src=\"https:\/\/i0.wp.com\/aelle-arts.fr\/wp-content\/uploads\/2025\/02\/Ramifications.jpg?ssl=1\" alt=\"\" class=\"wp-image-550 size-full\"\/><\/figure><div class=\"wp-block-media-text__content\">\n<h3 class=\"wp-block-heading\">Ramifications<\/h3>\n\n\n\n<p>J&rsquo;ai des fr\u00e8res, nombreux\u2026 Eux aussi h\u00e9sitent et ne savent plus trop\u2026 Chaud, froid et puis alternances devenues si rapides. Mon syst\u00e8me n&rsquo;est pas fait pour cela, je suis \u00e9mu de ce rythme mais ne peux y r\u00e9pondre de fa\u00e7on ad\u00e9quat\u2026 Alors selon la force des vents, ma frondaison abrit\u00e9e r\u00e9siste\u2026 Quand l&rsquo;autre fait ce qu&rsquo;elle peut.<br>Entends-tu humain ? Le chant de mon feuillage ? Vois-tu la motte que je maintiens ? J&rsquo;ai la peau d&rsquo;un Arlequin\u2026<\/p>\n\n\n\n<div class=\"wp-block-buttons is-content-justification-center is-layout-flex wp-container-core-buttons-is-layout-a89b3969 wp-block-buttons-is-layout-flex\">\n<div class=\"wp-block-button is-style-outline is-style-outline--9\"><a class=\"wp-block-button__link wp-element-button\" href=\"https:\/\/aelle-arts.sumupstore.com\/article\/ramifications\">Je l&rsquo;adopte<\/a><\/div>\n<\/div>\n<\/div><\/div>\n\n\n\n<div style=\"height:10px\" aria-hidden=\"true\" class=\"wp-block-spacer\"><\/div>\n\n\n\n<hr class=\"wp-block-separator has-alpha-channel-opacity\"\/>\n\n\n\n<p>D\u00e9couvrir les s\u00e9ries suivantes :<\/p>\n\n\n\n<ul class=\"wp-block-list\">\n<li><a href=\"https:\/\/aelle-arts.fr\/index.php\/les-astres\/\" data-type=\"link\" data-id=\"https:\/\/aelle-arts.fr\/index.php\/les-astres\/\">Les astres<\/a><\/li>\n\n\n\n<li><a href=\"https:\/\/aelle-arts.fr\/index.php\/le-cosmos\/\" data-type=\"link\" data-id=\"https:\/\/aelle-arts.fr\/index.php\/le-cosmos\/\">Le cosmos<\/a><\/li>\n\n\n\n<li><a href=\"https:\/\/aelle-arts.fr\/index.php\/les-coeurs\/\" data-type=\"link\" data-id=\"https:\/\/aelle-arts.fr\/index.php\/les-coeurs\/\">Les c\u0153urs<\/a><\/li>\n\n\n\n<li><a href=\"https:\/\/aelle-arts.fr\/index.php\/les-mandalas\/\" data-type=\"link\" data-id=\"https:\/\/aelle-arts.fr\/index.php\/les-mandalas\/\">Les mandalas<\/a><\/li>\n\n\n\n<li><a href=\"https:\/\/aelle-arts.fr\/index.php\/les-fleurs\/\" data-type=\"page\" data-id=\"654\">Les fleurs<\/a><\/li>\n\n\n\n<li><a href=\"https:\/\/aelle-arts.fr\/index.php\/les-creatures\/\" data-type=\"link\" data-id=\"https:\/\/aelle-arts.fr\/index.php\/les-creatures\/\">Les cr\u00e9atures<\/a><\/li>\n<\/ul>\n\n\n\n<p><\/p>\n","protected":false},"excerpt":{"rendered":"<p>Je suis fascin\u00e9e par les arbres, de leurs frondaisons se balan\u00e7ant au vent en passant par leurs bourgeons et feuilles, leurs troncs aux motifs incroyables jusqu&rsquo;\u00e0 leurs radicelles&#8230; Et la [&hellip;]<\/p>\n","protected":false},"author":1,"featured_media":0,"parent":529,"menu_order":1,"comment_status":"closed","ping_status":"closed","template":"","meta":{"_EventAllDay":false,"_EventTimezone":"","_EventStartDate":"","_EventEndDate":"","_EventStartDateUTC":"","_EventEndDateUTC":"","_EventShowMap":false,"_EventShowMapLink":false,"_EventURL":"","_EventCost":"","_EventCostDescription":"","_EventCurrencySymbol":"","_EventCurrencyCode":"","_EventCurrencyPosition":"","_EventDateTimeSeparator":"","_EventTimeRangeSeparator":"","_EventOrganizerID":[],"_EventVenueID":[],"_OrganizerEmail":"","_OrganizerPhone":"","_OrganizerWebsite":"","_VenueAddress":"","_VenueCity":"","_VenueCountry":"","_VenueProvince":"","_VenueState":"","_VenueZip":"","_VenuePhone":"","_VenueURL":"","_VenueStateProvince":"","_VenueLat":"","_VenueLng":"","_VenueShowMap":false,"_VenueShowMapLink":false,"footnotes":""},"folder":[],"class_list":["post-539","page","type-page","status-publish","hentry"],"yoast_head":"<!-- This site is optimized with the Yoast SEO plugin v27.5 - https:\/\/yoast.com\/product\/yoast-seo-wordpress\/ -->\n<title>Les Arbres - A\u00eblle Arts<\/title>\n<meta name=\"description\" content=\"A\u00eblle pr\u00e9sente ses dessins d&#039;arbres imaginaires et les histoires qui leur sont associ\u00e9s. Encre de Chine, en ligne claire ou en pointillisme.\" \/>\n<meta name=\"robots\" content=\"index, follow, max-snippet:-1, max-image-preview:large, max-video-preview:-1\" \/>\n<link rel=\"canonical\" href=\"https:\/\/aelle-arts.fr\/index.php\/dessins\/les-arbres\/\" \/>\n<meta property=\"og:locale\" content=\"fr_FR\" \/>\n<meta property=\"og:type\" content=\"article\" \/>\n<meta property=\"og:title\" content=\"Les Arbres - A\u00eblle Arts\" \/>\n<meta property=\"og:description\" content=\"A\u00eblle pr\u00e9sente ses dessins d&#039;arbres imaginaires et les histoires qui leur sont associ\u00e9s. Encre de Chine, en ligne claire ou en pointillisme.\" \/>\n<meta property=\"og:url\" content=\"https:\/\/aelle-arts.fr\/index.php\/dessins\/les-arbres\/\" \/>\n<meta property=\"og:site_name\" content=\"A\u00eblle Arts\" \/>\n<meta property=\"article:publisher\" content=\"https:\/\/www.facebook.com\/aelle.arts\/\" \/>\n<meta property=\"article:modified_time\" content=\"2026-04-16T10:27:31+00:00\" \/>\n<meta property=\"og:image\" content=\"http:\/\/aelle-arts.fr\/wp-content\/uploads\/2025\/02\/Arbracoeur-scaled.jpg\" \/>\n<meta name=\"twitter:label1\" content=\"Dur\u00e9e de lecture estim\u00e9e\" \/>\n\t<meta name=\"twitter:data1\" content=\"6 minutes\" \/>\n<script type=\"application\/ld+json\" class=\"yoast-schema-graph\">{\"@context\":\"https:\\\/\\\/schema.org\",\"@graph\":[{\"@type\":\"WebPage\",\"@id\":\"https:\\\/\\\/aelle-arts.fr\\\/index.php\\\/dessins\\\/les-arbres\\\/\",\"url\":\"https:\\\/\\\/aelle-arts.fr\\\/index.php\\\/dessins\\\/les-arbres\\\/\",\"name\":\"Les Arbres - A\u00eblle Arts\",\"isPartOf\":{\"@id\":\"https:\\\/\\\/aelle-arts.fr\\\/#website\"},\"primaryImageOfPage\":{\"@id\":\"https:\\\/\\\/aelle-arts.fr\\\/index.php\\\/dessins\\\/les-arbres\\\/#primaryimage\"},\"image\":{\"@id\":\"https:\\\/\\\/aelle-arts.fr\\\/index.php\\\/dessins\\\/les-arbres\\\/#primaryimage\"},\"thumbnailUrl\":\"http:\\\/\\\/aelle-arts.fr\\\/wp-content\\\/uploads\\\/2025\\\/02\\\/Arbracoeur-scaled.jpg\",\"datePublished\":\"2025-02-26T08:36:46+00:00\",\"dateModified\":\"2026-04-16T10:27:31+00:00\",\"description\":\"A\u00eblle pr\u00e9sente ses dessins d'arbres imaginaires et les histoires qui leur sont associ\u00e9s. Encre de Chine, en ligne claire ou en pointillisme.\",\"breadcrumb\":{\"@id\":\"https:\\\/\\\/aelle-arts.fr\\\/index.php\\\/dessins\\\/les-arbres\\\/#breadcrumb\"},\"inLanguage\":\"fr-FR\",\"potentialAction\":[{\"@type\":\"ReadAction\",\"target\":[\"https:\\\/\\\/aelle-arts.fr\\\/index.php\\\/dessins\\\/les-arbres\\\/\"]}]},{\"@type\":\"ImageObject\",\"inLanguage\":\"fr-FR\",\"@id\":\"https:\\\/\\\/aelle-arts.fr\\\/index.php\\\/dessins\\\/les-arbres\\\/#primaryimage\",\"url\":\"http:\\\/\\\/aelle-arts.fr\\\/wp-content\\\/uploads\\\/2025\\\/02\\\/Arbracoeur-scaled.jpg\",\"contentUrl\":\"http:\\\/\\\/aelle-arts.fr\\\/wp-content\\\/uploads\\\/2025\\\/02\\\/Arbracoeur-scaled.jpg\"},{\"@type\":\"BreadcrumbList\",\"@id\":\"https:\\\/\\\/aelle-arts.fr\\\/index.php\\\/dessins\\\/les-arbres\\\/#breadcrumb\",\"itemListElement\":[{\"@type\":\"ListItem\",\"position\":1,\"name\":\"Accueil\",\"item\":\"https:\\\/\\\/aelle-arts.fr\\\/\"},{\"@type\":\"ListItem\",\"position\":2,\"name\":\"Dessins\",\"item\":\"https:\\\/\\\/aelle-arts.fr\\\/index.php\\\/dessins\\\/\"},{\"@type\":\"ListItem\",\"position\":3,\"name\":\"Les Arbres\"}]},{\"@type\":\"WebSite\",\"@id\":\"https:\\\/\\\/aelle-arts.fr\\\/#website\",\"url\":\"https:\\\/\\\/aelle-arts.fr\\\/\",\"name\":\"A\u00eblle Arts\",\"description\":\"G\u00e9om\u00e9trie sacr\u00e9e, Yantras &amp; Illustrations\",\"publisher\":{\"@id\":\"https:\\\/\\\/aelle-arts.fr\\\/#organization\"},\"potentialAction\":[{\"@type\":\"SearchAction\",\"target\":{\"@type\":\"EntryPoint\",\"urlTemplate\":\"https:\\\/\\\/aelle-arts.fr\\\/?s={search_term_string}\"},\"query-input\":{\"@type\":\"PropertyValueSpecification\",\"valueRequired\":true,\"valueName\":\"search_term_string\"}}],\"inLanguage\":\"fr-FR\"},{\"@type\":\"Organization\",\"@id\":\"https:\\\/\\\/aelle-arts.fr\\\/#organization\",\"name\":\"A\u00eblle Arts\",\"url\":\"https:\\\/\\\/aelle-arts.fr\\\/\",\"logo\":{\"@type\":\"ImageObject\",\"inLanguage\":\"fr-FR\",\"@id\":\"https:\\\/\\\/aelle-arts.fr\\\/#\\\/schema\\\/logo\\\/image\\\/\",\"url\":\"https:\\\/\\\/i0.wp.com\\\/aelle-arts.fr\\\/wp-content\\\/uploads\\\/2024\\\/02\\\/Logo-Aelle-rond-scaled.png?fit=2560%2C2560&ssl=1\",\"contentUrl\":\"https:\\\/\\\/i0.wp.com\\\/aelle-arts.fr\\\/wp-content\\\/uploads\\\/2024\\\/02\\\/Logo-Aelle-rond-scaled.png?fit=2560%2C2560&ssl=1\",\"width\":2560,\"height\":2560,\"caption\":\"A\u00eblle Arts\"},\"image\":{\"@id\":\"https:\\\/\\\/aelle-arts.fr\\\/#\\\/schema\\\/logo\\\/image\\\/\"},\"sameAs\":[\"https:\\\/\\\/www.facebook.com\\\/aelle.arts\\\/\",\"https:\\\/\\\/www.instagram.com\\\/aelle_arts\\\/\"]}]}<\/script>\n<!-- \/ Yoast SEO plugin. -->","yoast_head_json":{"title":"Les Arbres - A\u00eblle Arts","description":"A\u00eblle pr\u00e9sente ses dessins d'arbres imaginaires et les histoires qui leur sont associ\u00e9s. Encre de Chine, en ligne claire ou en pointillisme.","robots":{"index":"index","follow":"follow","max-snippet":"max-snippet:-1","max-image-preview":"max-image-preview:large","max-video-preview":"max-video-preview:-1"},"canonical":"https:\/\/aelle-arts.fr\/index.php\/dessins\/les-arbres\/","og_locale":"fr_FR","og_type":"article","og_title":"Les Arbres - A\u00eblle Arts","og_description":"A\u00eblle pr\u00e9sente ses dessins d'arbres imaginaires et les histoires qui leur sont associ\u00e9s. Encre de Chine, en ligne claire ou en pointillisme.","og_url":"https:\/\/aelle-arts.fr\/index.php\/dessins\/les-arbres\/","og_site_name":"A\u00eblle Arts","article_publisher":"https:\/\/www.facebook.com\/aelle.arts\/","article_modified_time":"2026-04-16T10:27:31+00:00","og_image":[{"url":"http:\/\/aelle-arts.fr\/wp-content\/uploads\/2025\/02\/Arbracoeur-scaled.jpg","type":"","width":"","height":""}],"twitter_misc":{"Dur\u00e9e de lecture estim\u00e9e":"6 minutes"},"schema":{"@context":"https:\/\/schema.org","@graph":[{"@type":"WebPage","@id":"https:\/\/aelle-arts.fr\/index.php\/dessins\/les-arbres\/","url":"https:\/\/aelle-arts.fr\/index.php\/dessins\/les-arbres\/","name":"Les Arbres - A\u00eblle Arts","isPartOf":{"@id":"https:\/\/aelle-arts.fr\/#website"},"primaryImageOfPage":{"@id":"https:\/\/aelle-arts.fr\/index.php\/dessins\/les-arbres\/#primaryimage"},"image":{"@id":"https:\/\/aelle-arts.fr\/index.php\/dessins\/les-arbres\/#primaryimage"},"thumbnailUrl":"http:\/\/aelle-arts.fr\/wp-content\/uploads\/2025\/02\/Arbracoeur-scaled.jpg","datePublished":"2025-02-26T08:36:46+00:00","dateModified":"2026-04-16T10:27:31+00:00","description":"A\u00eblle pr\u00e9sente ses dessins d'arbres imaginaires et les histoires qui leur sont associ\u00e9s. Encre de Chine, en ligne claire ou en pointillisme.","breadcrumb":{"@id":"https:\/\/aelle-arts.fr\/index.php\/dessins\/les-arbres\/#breadcrumb"},"inLanguage":"fr-FR","potentialAction":[{"@type":"ReadAction","target":["https:\/\/aelle-arts.fr\/index.php\/dessins\/les-arbres\/"]}]},{"@type":"ImageObject","inLanguage":"fr-FR","@id":"https:\/\/aelle-arts.fr\/index.php\/dessins\/les-arbres\/#primaryimage","url":"http:\/\/aelle-arts.fr\/wp-content\/uploads\/2025\/02\/Arbracoeur-scaled.jpg","contentUrl":"http:\/\/aelle-arts.fr\/wp-content\/uploads\/2025\/02\/Arbracoeur-scaled.jpg"},{"@type":"BreadcrumbList","@id":"https:\/\/aelle-arts.fr\/index.php\/dessins\/les-arbres\/#breadcrumb","itemListElement":[{"@type":"ListItem","position":1,"name":"Accueil","item":"https:\/\/aelle-arts.fr\/"},{"@type":"ListItem","position":2,"name":"Dessins","item":"https:\/\/aelle-arts.fr\/index.php\/dessins\/"},{"@type":"ListItem","position":3,"name":"Les Arbres"}]},{"@type":"WebSite","@id":"https:\/\/aelle-arts.fr\/#website","url":"https:\/\/aelle-arts.fr\/","name":"A\u00eblle Arts","description":"G\u00e9om\u00e9trie sacr\u00e9e, Yantras &amp; Illustrations","publisher":{"@id":"https:\/\/aelle-arts.fr\/#organization"},"potentialAction":[{"@type":"SearchAction","target":{"@type":"EntryPoint","urlTemplate":"https:\/\/aelle-arts.fr\/?s={search_term_string}"},"query-input":{"@type":"PropertyValueSpecification","valueRequired":true,"valueName":"search_term_string"}}],"inLanguage":"fr-FR"},{"@type":"Organization","@id":"https:\/\/aelle-arts.fr\/#organization","name":"A\u00eblle Arts","url":"https:\/\/aelle-arts.fr\/","logo":{"@type":"ImageObject","inLanguage":"fr-FR","@id":"https:\/\/aelle-arts.fr\/#\/schema\/logo\/image\/","url":"https:\/\/i0.wp.com\/aelle-arts.fr\/wp-content\/uploads\/2024\/02\/Logo-Aelle-rond-scaled.png?fit=2560%2C2560&ssl=1","contentUrl":"https:\/\/i0.wp.com\/aelle-arts.fr\/wp-content\/uploads\/2024\/02\/Logo-Aelle-rond-scaled.png?fit=2560%2C2560&ssl=1","width":2560,"height":2560,"caption":"A\u00eblle Arts"},"image":{"@id":"https:\/\/aelle-arts.fr\/#\/schema\/logo\/image\/"},"sameAs":["https:\/\/www.facebook.com\/aelle.arts\/","https:\/\/www.instagram.com\/aelle_arts\/"]}]}},"jetpack_shortlink":"https:\/\/wp.me\/PfxdgV-8H","jetpack_sharing_enabled":true,"_links":{"self":[{"href":"https:\/\/aelle-arts.fr\/index.php\/wp-json\/wp\/v2\/pages\/539","targetHints":{"allow":["GET"]}}],"collection":[{"href":"https:\/\/aelle-arts.fr\/index.php\/wp-json\/wp\/v2\/pages"}],"about":[{"href":"https:\/\/aelle-arts.fr\/index.php\/wp-json\/wp\/v2\/types\/page"}],"author":[{"embeddable":true,"href":"https:\/\/aelle-arts.fr\/index.php\/wp-json\/wp\/v2\/users\/1"}],"replies":[{"embeddable":true,"href":"https:\/\/aelle-arts.fr\/index.php\/wp-json\/wp\/v2\/comments?post=539"}],"version-history":[{"count":17,"href":"https:\/\/aelle-arts.fr\/index.php\/wp-json\/wp\/v2\/pages\/539\/revisions"}],"predecessor-version":[{"id":1297,"href":"https:\/\/aelle-arts.fr\/index.php\/wp-json\/wp\/v2\/pages\/539\/revisions\/1297"}],"up":[{"embeddable":true,"href":"https:\/\/aelle-arts.fr\/index.php\/wp-json\/wp\/v2\/pages\/529"}],"wp:attachment":[{"href":"https:\/\/aelle-arts.fr\/index.php\/wp-json\/wp\/v2\/media?parent=539"}],"wp:term":[{"taxonomy":"folder","embeddable":true,"href":"https:\/\/aelle-arts.fr\/index.php\/wp-json\/wp\/v2\/folder?post=539"}],"curies":[{"name":"wp","href":"https:\/\/api.w.org\/{rel}","templated":true}]}}